{"id":6,"date":"2022-01-26T15:55:17","date_gmt":"2022-01-26T14:55:17","guid":{"rendered":"http:\/\/www.letrearti.it\/?page_id=6"},"modified":"2024-03-20T18:25:27","modified_gmt":"2024-03-20T17:25:27","slug":"home-ita","status":"publish","type":"page","link":"https:\/\/www.letrearti.it\/","title":{"rendered":"Home"},"content":{"rendered":"<ul>\n<li>\n<p>        <img decoding=\"async\" src=\"\/wp-content\/uploads\/2022\/02\/IMG_1749-scaled.jpg\" alt=\"scopri le tre arti B&#038;B\"><\/p>\n<h3>Le tre ati B&#038;B<\/h3>\n<p>Le tre arti B&#038;B, immerso nell&#8217;arte e nella natura<\/p>\n<p><a href=\"#4\">CONTATTACI<\/a><\/p>\n<\/li>\n<li>\n<p>        <img decoding=\"async\" src=\"\/wp-content\/uploads\/2022\/02\/IMG_4123-scaled.jpg\" alt=\"Le tre arti B&#038;B\"><\/p>\n<h3>Le tre arti B&#038;B<\/h3>\n<p>Le tre arti B&#038;B, immerso nell&#8217;arte e nella natura<\/p>\n<p><a href=\"#4\">CONTATTACI<\/a><\/p>\n<\/li>\n<li>\n<p>        <img decoding=\"async\" src=\"\/wp-content\/uploads\/2022\/02\/IMG_1543-scaled.jpg\" alt=\"Le tre arti B&#038;B\"><\/p>\n<h3>Le tre arti B&#038;B<\/h3>\n<p>Le tre arti B&#038;B, immerso nell&#8217;arte e nella natura<\/p>\n<p><a href=\"#4\">CONTATTACI<\/a><\/p>\n<\/li>\n<li>\n<p>        <img decoding=\"async\" src=\"\/wp-content\/uploads\/2022\/02\/IMG_1821-scaled.jpg\" alt=\"Le tre arti B&#038;B\"><\/p>\n<h3>Le tre arti B&#038;B<\/h3>\n<p>Le tre arti B&#038;B, immerso nell&#8217;arte e nella natura<\/p>\n<p><a href=\"#4\">CONTATTACI<\/a><\/p>\n<\/li>\n<li>\n<p>        <img decoding=\"async\" src=\"\/wp-content\/uploads\/2022\/02\/IMG_1787-scaled.jpg\" alt=\"Le tre arti B&#038;B\"><\/p>\n<h3>Le tre arti B&#038;B<\/h3>\n<p>Le tre arti B&#038;B, immerso nell&#8217;arte e nella natura<\/p>\n<p><a href=\"#4\">CONTATTACI<\/a><\/p>\n<\/li>\n<li>\n<p>        <img decoding=\"async\" src=\"\/wp-content\/uploads\/2022\/02\/WhatsApp-Image-2022-02-14-at-12.20.46.jpeg\" alt=\"Le tre arti B&#038;B\"><\/p>\n<h3>Le tre arti B&#038;B<\/h3>\n<p>Le tre arti B&#038;B, immerso nell&#8217;arte e nella natura<\/p>\n<p><a href=\"#4\">CONTATTACI<\/a><\/p>\n<\/li>\n<\/ul>\n<h1>LE TRE ARTI B&#038;B<\/h1>\n<div>\n<div>B&#038;B SUI COLLI ASOLANI<\/div>\n<\/div>\n<h2><strong>CHI SIAMO<\/strong><\/h2>\n<div>\n<div>C\u2019era una volta un antico edificio storico ormai in rovina, in un borgo medievale ai piedi dei resti del castello degli Ezzelini.<br \/>\nC\u2019\u00e8 invece oggi, dopo il restauro, una casa che profuma di arte e di storia.<br \/>\nA pochi km da Asolo e Bassano del Grappa, ai piedi della collina che porta al Santuario della Chiesetta Rossa a San Zenone degli Ezzelini, a pochi passi dal nuovo centro culturale e di informazione turistica di Villa Marini Rubelli. Ecco <span style=\"color: #d61b5a;\">LE TRE ARTI<\/span>: \u00e8 Bed &#038; Breakfast  e molto, molto di pi\u00f9. \u00c8 un viaggio tra Scultura, Pittura ed Architettura, in un Veneto da riscoprire lontano dalle folle delle grandi citt\u00e0 e dove arte, cultura e ambiente diventano &#8220;paesaggio culturale&#8221;. <\/p>\n<p>Una collina con una storia da raccontare.<br \/>\nUna torre, un santuario, un convento.<br \/>\nUna dimora storica, un restauro attento.<br \/>\n<span style=\"color: #d61b5a;\">LE TRE ARTI<\/span>, la tua favola.\n<\/div>\n<\/div>\n<h3>LE CAMERE<\/h3>\n<ul>\n<li>\n<p>        <img decoding=\"async\" src=\"\/wp-content\/uploads\/2022\/02\/IMG_4174-scaled.jpg\" alt=\"Le camere\"><\/p>\n<h3>Le camere<\/h3>\n<p>Le camere, nel B&#038;B Le Tre Arti<\/p>\n<\/li>\n<li>\n<p>        <img decoding=\"async\" src=\"\/wp-content\/uploads\/2022\/02\/IMG_4180-scaled.jpg\" alt=\"Le camere\"><\/p>\n<h3>Le camere<\/h3>\n<p>Le camere, nel B&#038;B Le Tre Arti<\/p>\n<\/li>\n<li>\n<p>        <img decoding=\"async\" src=\"\/wp-content\/uploads\/2022\/02\/IMG_4165-scaled.jpg\" alt=\"Le camere\"><\/p>\n<h3>Le camere<\/h3>\n<p>Le camere, nel B&#038;B Le Tre Arti<\/p>\n<\/li>\n<\/ul>\n<h3>LA COLAZIONE<\/h3>\n<ul>\n<li>\n<p>        <img decoding=\"async\" src=\"\/wp-content\/uploads\/2022\/02\/WhatsApp-Image-2022-02-14-at-12.19.44-1.jpeg\" alt=\"Le Colazioni\"><\/p>\n<h3>Le Colazioni<\/h3>\n<p>Le Colazioni, nel B&#038;B Le Tre Arti<\/p>\n<\/li>\n<li>\n<p>        <img decoding=\"async\" src=\"\/wp-content\/uploads\/2022\/02\/IMG_1494-scaled.jpg\" alt=\"Le Colazioni\"><\/p>\n<h3>Le Colazioni<\/h3>\n<p>Le Colazioni, nel B&#038;B Le Tre Arti<\/p>\n<\/li>\n<li>\n<p>        <img decoding=\"async\" src=\"\/wp-content\/uploads\/2022\/02\/IMG_1713-scaled.jpg\" alt=\"Le colazioni\"><\/p>\n<h3>Le colazioni<\/h3>\n<p>Le colazioni, nel B&#038;B Le Tre Arti<\/p>\n<\/li>\n<li>\n<p>        <img decoding=\"async\" src=\"\/wp-content\/uploads\/2022\/02\/IMG_1839-2-scaled.jpg\" alt=\"Le colazioni\"><\/p>\n<h3>Le colazioni<\/h3>\n<p>Le colazioni, nel B&#038;B Le Tre Arti<\/p>\n<\/li>\n<\/ul>\n<h3>GLI AMBIENTI<\/h3>\n<ul>\n<li>\n<p>        <img decoding=\"async\" src=\"\/wp-content\/uploads\/2022\/02\/IMG_4128-scaled.jpg\" alt=\"Gli ambienti\"><\/p>\n<h3>Gli ambienti<\/h3>\n<p>Gli ambienti, nel B&#038;B Le Tre Arti<\/p>\n<\/li>\n<li>\n<p>        <img decoding=\"async\" src=\"\/wp-content\/uploads\/2022\/02\/IMG_4123-scaled.jpg\" alt=\"Gli ambienti\"><\/p>\n<h3>Gli ambienti<\/h3>\n<p>Gli ambienti, nel B&#038;B Le Tre Arti<\/p>\n<\/li>\n<li>\n<p>        <img decoding=\"async\" src=\"\/wp-content\/uploads\/2022\/02\/IMG_1780-scaled.jpg\" alt=\"Gli ambienti\"><\/p>\n<h3>Gli ambienti<\/h3>\n<p>Gli ambienti, nel B&#038;B Le Tre Arti<\/p>\n<\/li>\n<\/ul>\n<ul>\n<li>\n<p>        <img decoding=\"async\" src=\"\/wp-content\/uploads\/2022\/02\/IMG_4174-scaled.jpg\" alt=\"Le camere\"><\/p>\n<h3>Le camere<\/h3>\n<p>Le camere, nel B&#038;B Le Tre Arti<\/p>\n<\/li>\n<li>\n<p>        <img decoding=\"async\" src=\"\/wp-content\/uploads\/2022\/02\/IMG_4180-scaled.jpg\" alt=\"Le camere\"><\/p>\n<h3>Le camere<\/h3>\n<p>Le camere, nel B&#038;B Le Tre Arti<\/p>\n<\/li>\n<li>\n<p>        <img decoding=\"async\" src=\"\/wp-content\/uploads\/2022\/02\/IMG_4165-scaled.jpg\" alt=\"Le camere\"><\/p>\n<h3>Le camere<\/h3>\n<p>Le camere, nel B&#038;B Le Tre Arti<\/p>\n<\/li>\n<\/ul>\n<h3>LE CAMERE<\/h3>\n<ul>\n<li>\n<p>        <img decoding=\"async\" src=\"\/wp-content\/uploads\/2022\/02\/WhatsApp-Image-2022-02-14-at-12.19.44-1.jpeg\" alt=\"Le Colazioni\"><\/p>\n<h3>Le Colazioni<\/h3>\n<p>Le Colazioni, nel B&#038;B Le Tre Arti<\/p>\n<\/li>\n<li>\n<p>        <img decoding=\"async\" src=\"\/wp-content\/uploads\/2022\/02\/IMG_1494-scaled.jpg\" alt=\"Le Colazioni\"><\/p>\n<h3>Le Colazioni<\/h3>\n<p>Le Colazioni, nel B&#038;B Le Tre Arti<\/p>\n<\/li>\n<li>\n<p>        <img decoding=\"async\" src=\"\/wp-content\/uploads\/2022\/02\/IMG_1713-scaled.jpg\" alt=\"Le colazioni\"><\/p>\n<h3>Le colazioni<\/h3>\n<p>Le colazioni, nel B&#038;B Le Tre Arti<\/p>\n<\/li>\n<li>\n<p>        <img decoding=\"async\" src=\"\/wp-content\/uploads\/2022\/02\/IMG_1839-2-scaled.jpg\" alt=\"Le colazioni\"><\/p>\n<h3>Le colazioni<\/h3>\n<p>Le colazioni, nel B&#038;B Le Tre Arti<\/p>\n<\/li>\n<\/ul>\n<h3>LA COLAZIONE<\/h3>\n<ul>\n<li>\n<p>        <img decoding=\"async\" src=\"\/wp-content\/uploads\/2022\/02\/IMG_4128-scaled.jpg\" alt=\"Gli ambienti\"><\/p>\n<h3>Gli ambienti<\/h3>\n<p>Gli ambienti, nel B&#038;B Le Tre Arti<\/p>\n<\/li>\n<li>\n<p>        <img decoding=\"async\" src=\"\/wp-content\/uploads\/2022\/02\/IMG_4123-scaled.jpg\" alt=\"Gli ambienti\"><\/p>\n<h3>Gli ambienti<\/h3>\n<p>Gli ambienti, nel B&#038;B Le Tre Arti<\/p>\n<\/li>\n<li>\n<p>        <img decoding=\"async\" src=\"\/wp-content\/uploads\/2022\/02\/IMG_1780-scaled.jpg\" alt=\"Gli ambienti\"><\/p>\n<h3>Gli ambienti<\/h3>\n<p>Gli ambienti, nel B&#038;B Le Tre Arti<\/p>\n<\/li>\n<\/ul>\n<h3>GLI AMBIENTI<\/h3>\n<h2><strong>LE NOSTRE STANZE<\/strong><\/h2>\n<div>\n<div>La stanza della Scultura, la stanza della Pittura , la stanza dell\u2019Architettura:<br \/> tre stanze,  tre identit\u00e0, ciascuna dedicata a  una delle arti che hanno reso grande questa terra di castelli, di nobili, di ville, di artisti e di letterati.<br \/>\nOgni stanza \u00e8 fornita di <u>aria condizionata<\/u>, <u>televisore<\/u>, <u>bagno privato<\/u> e <u>WI-FI gratuito<\/u>.<\/p>\n<p>La colazione \u00e8 servita attorno al grande tavolo della cucina. Ci sar\u00e0 tutto quello che serve a farvi cominciare con serenit\u00e0 una nuova giornata di vacanza o di lavoro. Se avete esigenze particolari, intolleranze o allergie fateci sapere: saremo lieti di venirvi incontro.<br \/>\nL\u2019 arte \u00e8 anche professione nonch\u00e9 passione dei padroni di casa: vi daranno tutte le informazioni di cui avete bisogno e vi aiuteranno, se serve, a pianificare le vostre giornate.<br \/>\nAmiamo i dettagli. Non serve chiudere gli occhi per sognare una vacanza da favola.\n<\/p><\/div>\n<\/div>\n<h3>SCULTURA<\/h3>\n<ul>\n<li>\n<p>        <img decoding=\"async\" src=\"\/wp-content\/uploads\/2022\/02\/IMG_4133-scaled.jpg\" alt=\"Camera della Scultura \"><\/p>\n<h3>Camera della Scultura<\/h3>\n<p>La camera della Scultura, nel B&#038;B Le Tre Arti<\/p>\n<\/li>\n<li>\n<p>        <img decoding=\"async\" src=\"\/wp-content\/uploads\/2022\/02\/IMG_4142-1-scaled.jpg\" alt=\"Camera della Scultura\"><\/p>\n<h3>Camera della Scultura<\/h3>\n<p>La camera della Scultura, nel B&#038;B Le Tre Arti<\/p>\n<\/li>\n<li>\n<p>        <img decoding=\"async\" src=\"\/wp-content\/uploads\/2022\/02\/IMG_4143-scaled.jpg\" alt=\"La camera della Scultura\"><\/p>\n<h3>La camera della Scultura<\/h3>\n<p>La camera della Scultura, nel B&#038;B Le Tre Arti<\/p>\n<\/li>\n<\/ul>\n<h3>PITTURA<\/h3>\n<ul>\n<li>\n<p>        <img decoding=\"async\" src=\"\/wp-content\/uploads\/2022\/02\/IMG_4157-scaled.jpg\" alt=\"Camera della Pittura \"><\/p>\n<h3>Camera della Pittura<\/h3>\n<p>La camera della Pittura, nel B&#038;B Le Tre Arti<\/p>\n<\/li>\n<li>\n<p>        <img decoding=\"async\" src=\"\/wp-content\/uploads\/2022\/02\/IMG_4161-scaled.jpg\" alt=\"Camera della Pittura\"><\/p>\n<h3>Camera della Pittura<\/h3>\n<p>La camera della Pittura, nel B&#038;B Le Tre Arti<\/p>\n<\/li>\n<li>\n<p>        <img decoding=\"async\" src=\"\/wp-content\/uploads\/2022\/02\/IMG_4159-scaled.jpg\" alt=\"La camera della Pittura\"><\/p>\n<h3>La camera della Pittura<\/h3>\n<p>La camera della Pittura, nel B&#038;B Le Tre Arti<\/p>\n<\/li>\n<\/ul>\n<h3>ARCHITETTURA<\/h3>\n<ul>\n<li>\n<p>        <img decoding=\"async\" src=\"\/wp-content\/uploads\/2022\/02\/IMG_4148-scaled.jpg\" alt=\"Camera dell'architettura\"><\/p>\n<h3>Camera dell&#8217;architettura<\/h3>\n<p>La camera dell&#8217;architettura, nel B&#038;B Le Tre Arti<\/p>\n<\/li>\n<li>\n<p>        <img decoding=\"async\" src=\"\/wp-content\/uploads\/2022\/02\/architettura2-opt-scaled.jpg\" alt=\"La camera dell'architettura\"><\/p>\n<h3>La camera dell&#8217;architettura<\/h3>\n<p>La camera dell&#8217;architettura, nel B&#038;B Le Tre Arti<\/p>\n<\/li>\n<li>\n<p>        <img decoding=\"async\" src=\"\/wp-content\/uploads\/2022\/02\/architettura-opt-scaled.jpg\" alt=\"Camera dell'architettura\"><\/p>\n<h3>Camera dell&#8217;architettura<\/h3>\n<p>La camera dell&#8217;architettura, nel B&#038;B Le Tre Arti<\/p>\n<\/li>\n<\/ul>\n<ul>\n<li>\n<p>        <img decoding=\"async\" src=\"\/wp-content\/uploads\/2022\/02\/IMG_4133-scaled.jpg\" alt=\"Camera della Scultura \"><\/p>\n<h3>Camera della Scultura<\/h3>\n<p>La camera della Scultura, nel B&#038;B Le Tre Arti<\/p>\n<\/li>\n<li>\n<p>        <img decoding=\"async\" src=\"\/wp-content\/uploads\/2022\/02\/IMG_4142-1-scaled.jpg\" alt=\"Camera della Scultura\"><\/p>\n<h3>Camera della Scultura<\/h3>\n<p>La camera della Scultura, nel B&#038;B Le Tre Arti<\/p>\n<\/li>\n<li>\n<p>        <img decoding=\"async\" src=\"\/wp-content\/uploads\/2022\/02\/IMG_4143-scaled.jpg\" alt=\"La camera della Scultura\"><\/p>\n<h3>La camera della Scultura<\/h3>\n<p>La camera della Scultura, nel B&#038;B Le Tre Arti<\/p>\n<\/li>\n<\/ul>\n<h3>SCULTURA<\/h3>\n<ul>\n<li>\n<p>        <img decoding=\"async\" src=\"\/wp-content\/uploads\/2022\/02\/IMG_4157-scaled.jpg\" alt=\"Camera della Pittura \"><\/p>\n<h3>Camera della Pittura<\/h3>\n<p>La camera della Pittura, nel B&#038;B Le Tre Arti<\/p>\n<\/li>\n<li>\n<p>        <img decoding=\"async\" src=\"\/wp-content\/uploads\/2022\/02\/IMG_4161-scaled.jpg\" alt=\"Camera della Pittura\"><\/p>\n<h3>Camera della Pittura<\/h3>\n<p>La camera della Pittura, nel B&#038;B Le Tre Arti<\/p>\n<\/li>\n<li>\n<p>        <img decoding=\"async\" src=\"\/wp-content\/uploads\/2022\/02\/IMG_4159-scaled.jpg\" alt=\"La camera della Pittura\"><\/p>\n<h3>La camera della Pittura<\/h3>\n<p>La camera della Pittura, nel B&#038;B Le Tre Arti<\/p>\n<\/li>\n<\/ul>\n<h3>PITTURA<\/h3>\n<ul>\n<li>\n<p>        <img decoding=\"async\" src=\"\/wp-content\/uploads\/2022\/02\/IMG_4148-scaled.jpg\" alt=\"Camera dell'architettura\"><\/p>\n<h3>Camera dell&#8217;architettura<\/h3>\n<p>La camera dell&#8217;architettura, nel B&#038;B Le Tre Arti<\/p>\n<\/li>\n<li>\n<p>        <img decoding=\"async\" src=\"\/wp-content\/uploads\/2022\/02\/architettura2-opt-scaled.jpg\" alt=\"La camera dell'architettura\"><\/p>\n<h3>La camera dell&#8217;architettura<\/h3>\n<p>La camera dell&#8217;architettura, nel B&#038;B Le Tre Arti<\/p>\n<\/li>\n<li>\n<p>        <img decoding=\"async\" src=\"\/wp-content\/uploads\/2022\/02\/architettura-opt-scaled.jpg\" alt=\"Camera dell'architettura\"><\/p>\n<h3>Camera dell&#8217;architettura<\/h3>\n<p>La camera dell&#8217;architettura, nel B&#038;B Le Tre Arti<\/p>\n<\/li>\n<\/ul>\n<h3>ARCHITETTURA<\/h3>\n<p>\n    <a href=\"#4\">CHIEDI DISPONIBILIT\u00c0<\/a>\n<\/p>\n<h2><strong>ATTIVIT\u00c0<\/strong><\/h2>\n<ul>\n<li>\n<p>        <img decoding=\"async\" src=\"\/wp-content\/uploads\/2022\/02\/WhatsApp-Image-2022-02-14-at-11.57.50-2.jpeg\" alt=\"\"><\/p>\n<p>Arte,  storia e natura nel B&#038;B Le Tre Arti<\/p>\n<\/li>\n<li>\n<p>        <img decoding=\"async\" src=\"\/wp-content\/uploads\/2022\/02\/WhatsApp-Image-2022-02-14-at-11.57.49-1.jpeg\" alt=\"\"><\/p>\n<p>Arte,  storia e natura nel B&#038;B Le Tre Arti<\/p>\n<\/li>\n<li>\n<p>        <img decoding=\"async\" src=\"\/wp-content\/uploads\/2022\/02\/WhatsApp-Image-2022-02-14-at-11.57.50.jpeg\" alt=\"\"><\/p>\n<p>Arte,  storia e natura nel B&#038;B Le Tre Arti<\/p>\n<\/li>\n<li>\n<p>        <img decoding=\"async\" src=\"\/wp-content\/uploads\/2022\/02\/WhatsApp-Image-2022-02-14-at-11.57.51-1.jpeg\" alt=\"\"><\/p>\n<p>Arte,  storia e natura nel B&#038;B Le Tre Arti<\/p>\n<\/li>\n<li>\n<p>        <img decoding=\"async\" src=\"\/wp-content\/uploads\/2022\/02\/WhatsApp-Image-2022-02-14-at-12.04.22.jpeg\" alt=\"\"><\/p>\n<p>Arte,  storia e natura nel B&#038;B Le Tre Arti<\/p>\n<\/li>\n<li>\n<p>        <img decoding=\"async\" src=\"\/wp-content\/uploads\/2022\/02\/WhatsApp-Image-2022-02-14-at-12.04.59.jpeg\" alt=\"\"><\/p>\n<p>Arte,  storia e natura nel B&#038;B Le Tre Arti<\/p>\n<\/li>\n<li>\n<p>        <img decoding=\"async\" src=\"\/wp-content\/uploads\/2022\/02\/WhatsApp-Image-2022-02-14-at-11.57.49.jpeg\" alt=\"\"><\/p>\n<p>Arte,  storia e natura nel B&#038;B Le Tre Arti<\/p>\n<\/li>\n<\/ul>\n<div>\n<h3>ITINERARI<\/h3>\n<div>\n<ul>\n<li> \tSan Zenone degli Ezzelini: un viaggio nel XIII sec., dalla Divina Commedia alle dame e i grandi condottieri. <\/li>\n<li>\tAsolo, la perla della Marca Trevigiana.<\/li>\n<li>   la Gipsoteca e il Museo Canova, a Possagno.<\/li>\n<li>\tPalladio e le sue ville.<\/li>\n<li>\tPadova: le piazze, l\u2019universit\u00e0, Sant\u2019Antonio.<\/li>\n<li>\tVicenza e le sue meraviglie.<\/li>\n<li>\tVerona, l\u2019Opera e l\u2019amore.<\/li>\n<li>\tVenezia, la sempre \u201cSerenissima\u201d.<\/li>\n<li>\tle citt\u00e0 murate: Castelfranco Veneto, Treviso, Bassano del Grappa, Marostica, Cittadella\u2026<\/li>\n<li>\til Grappa e la Grande Guerra, per non dimenticare.<\/li>\n<li>\tscoprire l\u2019Altopiano di Asiago.<\/li>\n<li>\titinerario gastronomico tra i prodotti veneti: gli asparagi, il radicchio, i formaggi DOP, l\u2019olio, la grappa\u2026<\/li>\n<li>\tun brindisi di prosecco a Valdobbiadene.<\/li>\n<li> canoa e rafting lungo il fiume Brenta.<\/li>\n<li>\tescursioni tra le colline asolane in bici, a piedi, a cavallo\u2026 o gi\u00f9 in deltaplano!<\/li>\n<\/ul>\n<\/div>\n<\/div>\n<h2><strong>CONTATTI<\/strong><\/h2>\n<div>\n<h3>DOVE TROVARCI<\/h3>\n<div>\n<div> <span class=\"street-address\">Via Castellaro n.15<\/span> <br \/> <span class=\"locality\">San Zenone degli Ezzelini<\/span> <span class=\"region\">(TV)<\/span><br \/> <span class=\"postal-code\"> 31020 <\/span> &#8211; <span class=\"country-name\">ITALY<\/span><span class=\"uk-text-primary\"> <\/span><\/p><\/div>\n<p>  Cell: <a class=\"tel\" href=\"tel:+39 333 311 5527\" onclick=\"gtag('event', 'click', {'event_category': 'Click: Telefono Footer' });\" target=\"_blank\">+39 333 311 5527<\/a><span class=\"uk-text-primary\"> <br \/>\n     <span class=\"uk-text-emphasis\"> Tel:<\/span> <a class=\"tel\" href=\"tel:+39 0423964477\" onclick=\"gtag('event', 'click', {'event_category': 'Click: Telefono Footer' });\" target=\"_blank\">+39 0423 964 477<\/a><span class=\"uk-text-primary\"><\/span><br \/>\n <span class=\"uk-text-emphasis\"> e-mail: <\/span><a href=\"mailto:info@letrearti.it\" onclick=\"gtag('event', 'click', {'event_category': 'Click: Email Footer' });\" target=\"_blank\">info@letrearti.it<\/a> <\/div>\n<\/div>\n<ul>\n<li><a href=\"https:\/\/www.facebook.com\/letre.arti\/\">facebook<\/a>\n<\/li>\n<li><a href=\"https:\/\/www.instagram.com\/letrearti_bnb\/\">instagram<\/a>\n<\/li>\n<\/ul>\n<div>\n<p>45.7904,11.8387<\/p>\n<h3>LE TRE ARTI B&#038;B<\/h3>\n<p><a href=\"https:\/\/www.google.com\/maps\/place\/LE+TRE+ARTI+B%26B\/@45.7916416,11.8348429,17z\/data=!3m1!4b1!4m8!3m7!1s0x4778d90f179184cb:0x59dc633e42f72ccf!5m2!4m1!1i2!8m2!3d45.791647!4d11.8370299\">APRI MAPS<\/a><\/p>\n<\/div>\n<p><!--more--><br \/>\n<!-- {\"type\":\"layout\",\"children\":[{\"type\":\"section\",\"props\":{\"style\":\"default\",\"width\":\"\",\"vertical_align\":\"middle\",\"title_position\":\"top-left\",\"title_rotation\":\"left\",\"title_breakpoint\":\"xl\",\"image_position\":\"center-center\",\"padding_remove_top\":true,\"padding_remove_bottom\":true,\"animation\":\"slide-top-small\",\"animation_delay\":\"80\"},\"children\":[{\"type\":\"row\",\"children\":[{\"type\":\"column\",\"props\":{\"position_sticky_breakpoint\":\"m\",\"image_position\":\"center-center\",\"media_overlay_gradient\":\"\",\"vertical_align\":\"middle\"},\"children\":[{\"type\":\"slideshow\",\"props\":{\"show_title\":false,\"show_meta\":false,\"show_content\":false,\"show_link\":true,\"show_thumbnail\":true,\"slideshow_min_height\":300,\"slideshow_autoplay_pause\":false,\"nav\":\"\",\"nav_position\":\"bottom-center\",\"nav_position_margin\":\"medium\",\"nav_align\":\"center\",\"nav_breakpoint\":\"s\",\"thumbnav_width\":\"100\",\"thumbnav_height\":\"75\",\"thumbnav_svg_color\":\"emphasis\",\"slidenav\":\"default\",\"slidenav_margin\":\"medium\",\"slidenav_breakpoint\":\"s\",\"slidenav_outside_breakpoint\":\"xl\",\"overlay_position\":\"center\",\"overlay_animation\":\"parallax\",\"title_element\":\"h3\",\"meta_style\":\"meta\",\"meta_align\":\"below-title\",\"meta_element\":\"div\",\"link_text\":\"Read more\",\"link_style\":\"secondary\",\"margin\":\"default\",\"link_size\":\"large\",\"slideshow_height\":\"percent\",\"slideshow_animation\":\"fade\",\"slideshow_autoplay\":true,\"slideshow_velocity\":\"1.1\",\"slideshow_autoplay_interval\":\"5\",\"class\":\"\",\"slidenav_hover\":true},\"children\":[{\"type\":\"slideshow_item\",\"props\":{\"image\":\"wp-content\\\/uploads\\\/2022\\\/02\\\/IMG_1749-scaled.jpg\",\"link\":\"#4\",\"link_text\":\"CONTATTACI\",\"image_alt\":\"scopri le tre arti B&B\",\"title\":\"Le tre ati B&B\",\"meta\":\"Le tre arti B&B, immerso nell'arte e nella natura\"}},{\"type\":\"slideshow_item\",\"props\":{\"image\":\"wp-content\\\/uploads\\\/2022\\\/02\\\/IMG_4123-scaled.jpg\",\"link\":\"#4\",\"link_text\":\"CONTATTACI\",\"meta\":\"Le tre arti B&B, immerso nell'arte e nella natura\",\"title\":\"Le tre arti B&B\",\"image_alt\":\"Le tre arti B&B\"}},{\"type\":\"slideshow_item\",\"props\":{\"image\":\"wp-content\\\/uploads\\\/2022\\\/02\\\/IMG_1543-scaled.jpg\",\"link\":\"#4\",\"link_text\":\"CONTATTACI\",\"meta\":\"Le tre arti B&B, immerso nell'arte e nella natura\",\"title\":\"Le tre arti B&B\",\"image_alt\":\"Le tre arti B&B\"}},{\"type\":\"slideshow_item\",\"props\":{\"image\":\"wp-content\\\/uploads\\\/2022\\\/02\\\/IMG_1821-scaled.jpg\",\"link\":\"#4\",\"link_text\":\"CONTATTACI\",\"media_overlay\":\"rgba(255, 179, 0, 0.15)\",\"meta\":\"Le tre arti B&B, immerso nell'arte e nella natura\",\"title\":\"Le tre arti B&B\",\"image_alt\":\"Le tre arti B&B\"}},{\"type\":\"slideshow_item\",\"props\":{\"image\":\"wp-content\\\/uploads\\\/2022\\\/02\\\/IMG_1787-scaled.jpg\",\"link\":\"#4\",\"link_text\":\"CONTATTACI\",\"media_overlay\":\"rgba(255, 179, 0, 0.15)\",\"meta\":\"Le tre arti B&B, immerso nell'arte e nella natura\",\"title\":\"Le tre arti B&B\",\"image_alt\":\"Le tre arti B&B\"}},{\"type\":\"slideshow_item\",\"props\":{\"image\":\"wp-content\\\/uploads\\\/2022\\\/02\\\/WhatsApp-Image-2022-02-14-at-12.20.46.jpeg\",\"link\":\"#4\",\"link_text\":\"CONTATTACI\",\"media_overlay\":\"rgba(255, 179, 0, 0.15)\",\"meta\":\"Le tre arti B&B, immerso nell'arte e nella natura\",\"title\":\"Le tre arti B&B\",\"image_alt\":\"Le tre arti B&B\"}}]}]}],\"props\":{\"margin_remove_top\":false,\"margin_remove_bottom\":false}}],\"name\":\"HEADER\"},{\"type\":\"section\",\"props\":{\"style\":\"default\",\"width\":\"default\",\"vertical_align\":\"middle\",\"title_position\":\"top-left\",\"title_rotation\":\"left\",\"title_breakpoint\":\"xl\",\"image_position\":\"center-center\",\"padding_remove_bottom\":true},\"children\":[{\"type\":\"row\",\"children\":[{\"type\":\"column\",\"props\":{\"position_sticky_breakpoint\":\"m\",\"image_position\":\"center-center\",\"media_overlay_gradient\":\"\"},\"children\":[{\"type\":\"headline\",\"props\":{\"title_element\":\"h1\",\"content\":\"LE TRE ARTI B&B\",\"title_style\":\"h1\",\"title_color\":\"primary\",\"text_align\":\"center\",\"margin_remove_top\":false}},{\"type\":\"panel\",\"props\":{\"link_text\":\"Read more\",\"title_hover_style\":\"reset\",\"title_element\":\"h3\",\"title_align\":\"top\",\"title_grid_width\":\"1-2\",\"title_grid_breakpoint\":\"m\",\"meta_style\":\"meta\",\"meta_align\":\"below-title\",\"meta_element\":\"div\",\"content_column_breakpoint\":\"m\",\"icon_width\":80,\"image_align\":\"top\",\"image_grid_width\":\"1-2\",\"image_grid_breakpoint\":\"m\",\"image_svg_color\":\"emphasis\",\"link_style\":\"default\",\"margin\":\"default\",\"content\":\"B&B SUI COLLI ASOLANI\",\"text_align\":\"center\",\"margin_remove_top\":true,\"css\":\".el-content{\\ncolor: transparent;\\n}\"}}]}]}]},{\"type\":\"section\",\"props\":{\"style\":\"default\",\"width\":\"default\",\"vertical_align\":\"middle\",\"title_position\":\"top-left\",\"title_rotation\":\"left\",\"title_breakpoint\":\"xl\",\"image_position\":\"center-center\",\"id\":\"1\",\"image\":\"\",\"image_size\":\"cover\",\"image_effect\":\"fixed\",\"media_overlay\":\"rgba(213, 39, 124, 0.87)\",\"padding\":\"large\",\"animation\":\"slide-right-medium\",\"animation_delay\":\"120\",\"padding_remove_top\":true},\"children\":[{\"type\":\"row\",\"children\":[{\"type\":\"column\",\"props\":{\"position_sticky_breakpoint\":\"m\",\"image_position\":\"center-center\",\"media_overlay_gradient\":\"\"},\"children\":[{\"type\":\"headline\",\"props\":{\"title_element\":\"h2\",\"text_align\":\"center\",\"content\":\"<strong>CHI SIAMO<\\\/strong>\",\"title_style\":\"h2\",\"title_color\":\"secondary\",\"margin\":\"medium\",\"margin_remove_bottom\":false}},{\"type\":\"panel\",\"props\":{\"link_text\":\"Read more\",\"title_hover_style\":\"reset\",\"title_element\":\"h3\",\"title_align\":\"top\",\"title_grid_width\":\"1-2\",\"title_grid_breakpoint\":\"m\",\"meta_style\":\"meta\",\"meta_align\":\"below-title\",\"meta_element\":\"div\",\"content_column_breakpoint\":\"m\",\"icon_width\":80,\"image_align\":\"top\",\"image_grid_width\":\"1-2\",\"image_grid_breakpoint\":\"m\",\"image_svg_color\":\"emphasis\",\"link_style\":\"default\",\"margin\":\"medium\",\"margin_remove_top\":false,\"block_align\":\"center\",\"content\":\"C\\u2019era una volta un antico edificio storico ormai in rovina, in un borgo medievale ai piedi dei resti del castello degli Ezzelini. \\nC\\u2019\\u00e8 invece oggi, dopo il restauro, una casa che profuma di arte e di storia.\\nA pochi km da Asolo e Bassano del Grappa, ai piedi della collina che porta al Santuario della Chiesetta Rossa a San Zenone degli Ezzelini, a pochi passi dal nuovo centro culturale e di informazione turistica di Villa Marini Rubelli. Ecco <span style=\\\"color: #d61b5a;\\\">LE TRE ARTI<\\\/span>: \\u00e8 Bed & Breakfast  e molto, molto di pi\\u00f9. \\u00c8 un viaggio tra Scultura, Pittura ed Architettura, in un Veneto da riscoprire lontano dalle folle delle grandi citt\\u00e0 e dove arte, cultura e ambiente diventano \\\"paesaggio culturale\\\". \\n\n\n\\nUna collina con una storia da raccontare.\\nUna torre, un santuario, un convento.\\nUna dimora storica, un restauro attento.<br \/>\\n<span style=\\\"color: #d61b5a;\\\">LE TRE ARTI<\\\/span>, la tua favola.\\n\",\"text_align\":\"center\"}}]}],\"props\":{\"margin_remove_bottom\":false}},{\"type\":\"row\",\"props\":{\"layout\":\"1-3,1-3,1-3\",\"class\":\"uk-hidden@l\"},\"children\":[{\"type\":\"column\",\"props\":{\"position_sticky_breakpoint\":\"m\",\"image_position\":\"center-center\",\"media_overlay_gradient\":\"\",\"width_medium\":\"1-3\"},\"children\":[{\"type\":\"headline\",\"props\":{\"title_element\":\"h3\",\"content\":\"LE CAMERE\",\"text_align\":\"center\",\"title_style\":\"h2\",\"title_color\":\"primary\"}},{\"type\":\"slideshow\",\"props\":{\"show_title\":false,\"show_meta\":false,\"show_content\":true,\"show_link\":true,\"show_thumbnail\":true,\"slideshow_min_height\":\"350\",\"slideshow_autoplay_pause\":true,\"nav\":\"dotnav\",\"nav_position\":\"bottom-center\",\"nav_position_margin\":\"medium\",\"nav_align\":\"center\",\"nav_breakpoint\":\"s\",\"thumbnav_width\":\"100\",\"thumbnav_height\":\"75\",\"thumbnav_svg_color\":\"emphasis\",\"slidenav\":\"default\",\"slidenav_margin\":\"medium\",\"slidenav_breakpoint\":\"s\",\"slidenav_outside_breakpoint\":\"xl\",\"overlay_position\":\"center-left\",\"overlay_animation\":\"parallax\",\"title_element\":\"h3\",\"meta_style\":\"meta\",\"meta_align\":\"below-title\",\"meta_element\":\"div\",\"link_text\":\"Read more\",\"link_style\":\"default\",\"margin\":\"default\",\"slideshow_max_height\":\"500\",\"slideshow_autoplay\":true,\"slideshow_velocity\":\"1.7\",\"slideshow_autoplay_interval\":\"5\",\"image_height\":\"400\",\"image_width\":\"500\",\"nav_below\":false},\"children\":[{\"type\":\"slideshow_item\",\"props\":{\"image\":\"wp-content\\\/uploads\\\/2022\\\/02\\\/IMG_4174-scaled.jpg\",\"image_alt\":\"Le camere\",\"title\":\"Le camere\",\"meta\":\"Le camere, nel B&B Le Tre Arti\"}},{\"type\":\"slideshow_item\",\"props\":{\"image\":\"wp-content\\\/uploads\\\/2022\\\/02\\\/IMG_4180-scaled.jpg\",\"meta\":\"Le camere, nel B&B Le Tre Arti\",\"title\":\"Le camere\",\"image_alt\":\"Le camere\"}},{\"type\":\"slideshow_item\",\"props\":{\"image\":\"wp-content\\\/uploads\\\/2022\\\/02\\\/IMG_4165-scaled.jpg\",\"meta\":\"Le camere, nel B&B Le Tre Arti\",\"title\":\"Le camere\",\"image_alt\":\"Le camere\"}}]}]},{\"type\":\"column\",\"props\":{\"position_sticky_breakpoint\":\"m\",\"image_position\":\"center-center\",\"media_overlay_gradient\":\"\",\"width_medium\":\"1-3\"},\"children\":[{\"type\":\"headline\",\"props\":{\"title_element\":\"h3\",\"content\":\"LA COLAZIONE\",\"text_align\":\"center\",\"title_style\":\"h2\",\"title_color\":\"primary\"}},{\"type\":\"slideshow\",\"props\":{\"show_title\":false,\"show_meta\":false,\"show_content\":true,\"show_link\":true,\"show_thumbnail\":true,\"slideshow_min_height\":\"350\",\"slideshow_autoplay_pause\":true,\"nav\":\"dotnav\",\"nav_position\":\"bottom-center\",\"nav_position_margin\":\"medium\",\"nav_align\":\"center\",\"nav_breakpoint\":\"s\",\"thumbnav_width\":\"100\",\"thumbnav_height\":\"75\",\"thumbnav_svg_color\":\"emphasis\",\"slidenav\":\"default\",\"slidenav_margin\":\"medium\",\"slidenav_breakpoint\":\"s\",\"slidenav_outside_breakpoint\":\"xl\",\"overlay_position\":\"center-left\",\"overlay_animation\":\"parallax\",\"title_element\":\"h3\",\"meta_style\":\"meta\",\"meta_align\":\"below-title\",\"meta_element\":\"div\",\"link_text\":\"Read more\",\"link_style\":\"default\",\"margin\":\"default\",\"slideshow_max_height\":\"500\",\"slideshow_autoplay\":true,\"slideshow_velocity\":\"1.7\",\"slideshow_autoplay_interval\":\"5\",\"image_height\":\"400\",\"image_width\":\"500\",\"nav_below\":false},\"children\":[{\"type\":\"slideshow_item\",\"props\":{\"image\":\"wp-content\\\/uploads\\\/2022\\\/02\\\/WhatsApp-Image-2022-02-14-at-12.19.44-1.jpeg\",\"image_alt\":\"Le Colazioni\",\"title\":\"Le Colazioni\",\"meta\":\"Le Colazioni, nel B&B Le Tre Arti\"}},{\"type\":\"slideshow_item\",\"props\":{\"image\":\"wp-content\\\/uploads\\\/2022\\\/02\\\/IMG_1494-scaled.jpg\",\"meta\":\"Le Colazioni, nel B&B Le Tre Arti\",\"title\":\"Le Colazioni\",\"image_alt\":\"Le Colazioni\"}},{\"type\":\"slideshow_item\",\"props\":{\"image\":\"wp-content\\\/uploads\\\/2022\\\/02\\\/IMG_1713-scaled.jpg\",\"meta\":\"Le colazioni, nel B&B Le Tre Arti\",\"title\":\"Le colazioni\",\"image_alt\":\"Le colazioni\"}},{\"type\":\"slideshow_item\",\"props\":{\"image\":\"wp-content\\\/uploads\\\/2022\\\/02\\\/IMG_1839-2-scaled.jpg\",\"meta\":\"Le colazioni, nel B&B Le Tre Arti\",\"title\":\"Le colazioni\",\"image_alt\":\"Le colazioni\"}}]}]},{\"type\":\"column\",\"props\":{\"position_sticky_breakpoint\":\"m\",\"image_position\":\"center-center\",\"media_overlay_gradient\":\"\",\"width_medium\":\"1-3\"},\"children\":[{\"type\":\"headline\",\"props\":{\"title_element\":\"h3\",\"content\":\"GLI AMBIENTI\",\"text_align\":\"center\",\"title_style\":\"h2\",\"title_color\":\"primary\"}},{\"type\":\"slideshow\",\"props\":{\"show_title\":false,\"show_meta\":false,\"show_content\":true,\"show_link\":true,\"show_thumbnail\":true,\"slideshow_min_height\":\"350\",\"slideshow_autoplay_pause\":true,\"nav\":\"dotnav\",\"nav_position\":\"bottom-center\",\"nav_position_margin\":\"medium\",\"nav_align\":\"center\",\"nav_breakpoint\":\"s\",\"thumbnav_width\":\"100\",\"thumbnav_height\":\"75\",\"thumbnav_svg_color\":\"emphasis\",\"slidenav\":\"default\",\"slidenav_margin\":\"medium\",\"slidenav_breakpoint\":\"s\",\"slidenav_outside_breakpoint\":\"xl\",\"overlay_position\":\"center-left\",\"overlay_animation\":\"parallax\",\"title_element\":\"h3\",\"meta_style\":\"meta\",\"meta_align\":\"below-title\",\"meta_element\":\"div\",\"link_text\":\"Read more\",\"link_style\":\"default\",\"margin\":\"default\",\"slideshow_max_height\":\"500\",\"slideshow_autoplay\":true,\"slideshow_velocity\":\"1.7\",\"slideshow_autoplay_interval\":\"5\",\"image_height\":\"400\",\"image_width\":\"500\",\"nav_below\":false},\"children\":[{\"type\":\"slideshow_item\",\"props\":{\"image\":\"wp-content\\\/uploads\\\/2022\\\/02\\\/IMG_4128-scaled.jpg\",\"image_alt\":\"Gli ambienti\",\"title\":\"Gli ambienti\",\"meta\":\"Gli ambienti, nel B&B Le Tre Arti\"}},{\"type\":\"slideshow_item\",\"props\":{\"image\":\"wp-content\\\/uploads\\\/2022\\\/02\\\/IMG_4123-scaled.jpg\",\"meta\":\"Gli ambienti, nel B&B Le Tre Arti\",\"title\":\"Gli ambienti\",\"image_alt\":\"Gli ambienti\"}},{\"type\":\"slideshow_item\",\"props\":{\"image\":\"wp-content\\\/uploads\\\/2022\\\/02\\\/IMG_1780-scaled.jpg\",\"meta\":\"Gli ambienti, nel B&B Le Tre Arti\",\"title\":\"Gli ambienti\",\"image_alt\":\"Gli ambienti\"}}]}]}]},{\"type\":\"row\",\"props\":{\"layout\":\"1-3,1-3,1-3\",\"class\":\"uk-visible@l\"},\"children\":[{\"type\":\"column\",\"props\":{\"position_sticky_breakpoint\":\"m\",\"image_position\":\"center-center\",\"media_overlay_gradient\":\"\",\"width_medium\":\"1-3\"},\"children\":[{\"type\":\"slideshow\",\"props\":{\"show_title\":false,\"show_meta\":false,\"show_content\":true,\"show_link\":true,\"show_thumbnail\":true,\"slideshow_min_height\":\"350\",\"slideshow_autoplay_pause\":true,\"nav\":\"dotnav\",\"nav_position\":\"bottom-center\",\"nav_position_margin\":\"medium\",\"nav_align\":\"center\",\"nav_breakpoint\":\"s\",\"thumbnav_width\":\"100\",\"thumbnav_height\":\"75\",\"thumbnav_svg_color\":\"emphasis\",\"slidenav\":\"default\",\"slidenav_margin\":\"medium\",\"slidenav_breakpoint\":\"s\",\"slidenav_outside_breakpoint\":\"xl\",\"overlay_position\":\"center-left\",\"overlay_animation\":\"parallax\",\"title_element\":\"h3\",\"meta_style\":\"meta\",\"meta_align\":\"below-title\",\"meta_element\":\"div\",\"link_text\":\"Read more\",\"link_style\":\"default\",\"margin\":\"default\",\"slideshow_max_height\":\"500\",\"slideshow_autoplay\":true,\"slideshow_velocity\":\"1.7\",\"slideshow_autoplay_interval\":\"5\",\"image_height\":\"400\",\"image_width\":\"500\",\"nav_below\":false},\"children\":[{\"type\":\"slideshow_item\",\"props\":{\"image\":\"wp-content\\\/uploads\\\/2022\\\/02\\\/IMG_4174-scaled.jpg\",\"image_alt\":\"Le camere\",\"title\":\"Le camere\",\"meta\":\"Le camere, nel B&B Le Tre Arti\"}},{\"type\":\"slideshow_item\",\"props\":{\"image\":\"wp-content\\\/uploads\\\/2022\\\/02\\\/IMG_4180-scaled.jpg\",\"meta\":\"Le camere, nel B&B Le Tre Arti\",\"title\":\"Le camere\",\"image_alt\":\"Le camere\"}},{\"type\":\"slideshow_item\",\"props\":{\"image\":\"wp-content\\\/uploads\\\/2022\\\/02\\\/IMG_4165-scaled.jpg\",\"meta\":\"Le camere, nel B&B Le Tre Arti\",\"title\":\"Le camere\",\"image_alt\":\"Le camere\"}}]},{\"type\":\"headline\",\"props\":{\"title_element\":\"h3\",\"content\":\"LE CAMERE\",\"text_align\":\"center\",\"title_style\":\"h2\",\"title_color\":\"primary\"}}]},{\"type\":\"column\",\"props\":{\"position_sticky_breakpoint\":\"m\",\"image_position\":\"center-center\",\"media_overlay_gradient\":\"\",\"width_medium\":\"1-3\"},\"children\":[{\"type\":\"slideshow\",\"props\":{\"show_title\":false,\"show_meta\":false,\"show_content\":true,\"show_link\":true,\"show_thumbnail\":true,\"slideshow_min_height\":\"350\",\"slideshow_autoplay_pause\":true,\"nav\":\"dotnav\",\"nav_position\":\"bottom-center\",\"nav_position_margin\":\"medium\",\"nav_align\":\"center\",\"nav_breakpoint\":\"s\",\"thumbnav_width\":\"100\",\"thumbnav_height\":\"75\",\"thumbnav_svg_color\":\"emphasis\",\"slidenav\":\"default\",\"slidenav_margin\":\"medium\",\"slidenav_breakpoint\":\"s\",\"slidenav_outside_breakpoint\":\"xl\",\"overlay_position\":\"center-left\",\"overlay_animation\":\"parallax\",\"title_element\":\"h3\",\"meta_style\":\"meta\",\"meta_align\":\"below-title\",\"meta_element\":\"div\",\"link_text\":\"Read more\",\"link_style\":\"default\",\"margin\":\"default\",\"slideshow_max_height\":\"500\",\"slideshow_autoplay\":true,\"slideshow_velocity\":\"1.7\",\"slideshow_autoplay_interval\":\"5\",\"image_height\":\"400\",\"image_width\":\"500\",\"nav_below\":false},\"children\":[{\"type\":\"slideshow_item\",\"props\":{\"image\":\"wp-content\\\/uploads\\\/2022\\\/02\\\/WhatsApp-Image-2022-02-14-at-12.19.44-1.jpeg\",\"image_alt\":\"Le Colazioni\",\"title\":\"Le Colazioni\",\"meta\":\"Le Colazioni, nel B&B Le Tre Arti\"}},{\"type\":\"slideshow_item\",\"props\":{\"image\":\"wp-content\\\/uploads\\\/2022\\\/02\\\/IMG_1494-scaled.jpg\",\"meta\":\"Le Colazioni, nel B&B Le Tre Arti\",\"title\":\"Le Colazioni\",\"image_alt\":\"Le Colazioni\"}},{\"type\":\"slideshow_item\",\"props\":{\"image\":\"wp-content\\\/uploads\\\/2022\\\/02\\\/IMG_1713-scaled.jpg\",\"meta\":\"Le colazioni, nel B&B Le Tre Arti\",\"title\":\"Le colazioni\",\"image_alt\":\"Le colazioni\"}},{\"type\":\"slideshow_item\",\"props\":{\"image\":\"wp-content\\\/uploads\\\/2022\\\/02\\\/IMG_1839-2-scaled.jpg\",\"meta\":\"Le colazioni, nel B&B Le Tre Arti\",\"title\":\"Le colazioni\",\"image_alt\":\"Le colazioni\"}}]},{\"type\":\"headline\",\"props\":{\"title_element\":\"h3\",\"content\":\"LA COLAZIONE\",\"text_align\":\"center\",\"title_style\":\"h2\",\"title_color\":\"primary\"}}]},{\"type\":\"column\",\"props\":{\"position_sticky_breakpoint\":\"m\",\"image_position\":\"center-center\",\"media_overlay_gradient\":\"\",\"width_medium\":\"1-3\"},\"children\":[{\"type\":\"slideshow\",\"props\":{\"show_title\":false,\"show_meta\":false,\"show_content\":true,\"show_link\":true,\"show_thumbnail\":true,\"slideshow_min_height\":\"350\",\"slideshow_autoplay_pause\":true,\"nav\":\"dotnav\",\"nav_position\":\"bottom-center\",\"nav_position_margin\":\"medium\",\"nav_align\":\"center\",\"nav_breakpoint\":\"s\",\"thumbnav_width\":\"100\",\"thumbnav_height\":\"75\",\"thumbnav_svg_color\":\"emphasis\",\"slidenav\":\"default\",\"slidenav_margin\":\"medium\",\"slidenav_breakpoint\":\"s\",\"slidenav_outside_breakpoint\":\"xl\",\"overlay_position\":\"center-left\",\"overlay_animation\":\"parallax\",\"title_element\":\"h3\",\"meta_style\":\"meta\",\"meta_align\":\"below-title\",\"meta_element\":\"div\",\"link_text\":\"Read more\",\"link_style\":\"default\",\"margin\":\"default\",\"slideshow_max_height\":\"500\",\"slideshow_autoplay\":true,\"slideshow_velocity\":\"1.7\",\"slideshow_autoplay_interval\":\"5\",\"image_height\":\"400\",\"image_width\":\"500\",\"nav_below\":false},\"children\":[{\"type\":\"slideshow_item\",\"props\":{\"image\":\"wp-content\\\/uploads\\\/2022\\\/02\\\/IMG_4128-scaled.jpg\",\"image_alt\":\"Gli ambienti\",\"title\":\"Gli ambienti\",\"meta\":\"Gli ambienti, nel B&B Le Tre Arti\"}},{\"type\":\"slideshow_item\",\"props\":{\"image\":\"wp-content\\\/uploads\\\/2022\\\/02\\\/IMG_4123-scaled.jpg\",\"meta\":\"Gli ambienti, nel B&B Le Tre Arti\",\"title\":\"Gli ambienti\",\"image_alt\":\"Gli ambienti\"}},{\"type\":\"slideshow_item\",\"props\":{\"image\":\"wp-content\\\/uploads\\\/2022\\\/02\\\/IMG_1780-scaled.jpg\",\"meta\":\"Gli ambienti, nel B&B Le Tre Arti\",\"title\":\"Gli ambienti\",\"image_alt\":\"Gli ambienti\"}}]},{\"type\":\"headline\",\"props\":{\"title_element\":\"h3\",\"content\":\"GLI AMBIENTI\",\"text_align\":\"center\",\"title_style\":\"h2\",\"title_color\":\"primary\"}}]}]}],\"name\":\"CHI SIAMO\"},{\"type\":\"section\",\"props\":{\"style\":\"default\",\"width\":\"default\",\"vertical_align\":\"middle\",\"title_position\":\"top-left\",\"title_rotation\":\"left\",\"title_breakpoint\":\"xl\",\"image_position\":\"center-center\",\"id\":\"2\",\"image\":\"wp-content\\\/uploads\\\/2022\\\/01\\\/PATTERNLETREARTI-copia-copia.jpg\",\"media_overlay\":\"rgba(213, 39, 124, 0.96)\",\"image_effect\":\"fixed\",\"image_size\":\"cover\",\"padding\":\"large\",\"animation\":\"slide-left-medium\",\"animation_delay\":\"120\"},\"children\":[{\"type\":\"row\",\"children\":[{\"type\":\"column\",\"props\":{\"position_sticky_breakpoint\":\"m\",\"image_position\":\"center-center\",\"media_overlay_gradient\":\"\"},\"children\":[{\"type\":\"headline\",\"props\":{\"title_element\":\"h2\",\"text_align\":\"center\",\"content\":\"<strong>LE NOSTRE STANZE<\\\/strong>\",\"title_style\":\"h2\",\"title_color\":\"emphasis\",\"margin\":\"medium\"}},{\"type\":\"panel\",\"props\":{\"link_text\":\"Read more\",\"title_hover_style\":\"reset\",\"title_element\":\"h3\",\"title_align\":\"top\",\"title_grid_width\":\"1-2\",\"title_grid_breakpoint\":\"m\",\"meta_style\":\"meta\",\"meta_align\":\"below-title\",\"meta_element\":\"div\",\"content_column_breakpoint\":\"m\",\"icon_width\":80,\"image_align\":\"top\",\"image_grid_width\":\"1-2\",\"image_grid_breakpoint\":\"m\",\"image_svg_color\":\"emphasis\",\"link_style\":\"default\",\"margin\":\"default\",\"content\":\"La stanza della Scultura, la stanza della Pittura , la stanza dell\\u2019Architettura:<br \/> tre stanze,  tre identit\\u00e0, ciascuna dedicata a  una delle arti che hanno reso grande questa terra di castelli, di nobili, di ville, di artisti e di letterati.<br \/>\\nOgni stanza \\u00e8 fornita di <u>aria condizionata<\\\/u>, <u>televisore<\\\/u>, <u>bagno privato<\\\/u> e <u>WI-FI gratuito<\\\/u>.\n\n\\n\\nLa colazione \\u00e8 servita attorno al grande tavolo della cucina. Ci sar\\u00e0 tutto quello che serve a farvi cominciare con serenit\\u00e0 una nuova giornata di vacanza o di lavoro. Se avete esigenze particolari, intolleranze o allergie fateci sapere: saremo lieti di venirvi incontro.\\nL\\u2019 arte \\u00e8 anche professione nonch\\u00e9 passione dei padroni di casa: vi daranno tutte le informazioni di cui avete bisogno e vi aiuteranno, se serve, a pianificare le vostre giornate.\\nAmiamo i dettagli. Non serve chiudere gli occhi per sognare una vacanza da favola.\\n\",\"text_align\":\"center\",\"css\":\".el-content{\\ncolor: #fff;\\n}\"}}]}]},{\"type\":\"row\",\"props\":{\"layout\":\"1-3,1-3,1-3\",\"class\":\"uk-hidden@l\"},\"children\":[{\"type\":\"column\",\"props\":{\"position_sticky_breakpoint\":\"m\",\"image_position\":\"center-center\",\"media_overlay_gradient\":\"\",\"width_medium\":\"1-3\"},\"children\":[{\"type\":\"headline\",\"props\":{\"title_element\":\"h3\",\"content\":\"SCULTURA\",\"text_align\":\"center\",\"title_style\":\"h2\"}},{\"type\":\"slideshow\",\"props\":{\"show_title\":false,\"show_meta\":false,\"show_content\":true,\"show_link\":true,\"show_thumbnail\":true,\"slideshow_min_height\":\"350\",\"slideshow_autoplay_pause\":true,\"nav\":\"dotnav\",\"nav_position\":\"bottom-center\",\"nav_position_margin\":\"medium\",\"nav_align\":\"center\",\"nav_breakpoint\":\"s\",\"thumbnav_width\":\"100\",\"thumbnav_height\":\"75\",\"thumbnav_svg_color\":\"emphasis\",\"slidenav\":\"default\",\"slidenav_margin\":\"medium\",\"slidenav_breakpoint\":\"s\",\"slidenav_outside_breakpoint\":\"xl\",\"overlay_position\":\"center-left\",\"overlay_animation\":\"parallax\",\"title_element\":\"h3\",\"meta_style\":\"meta\",\"meta_align\":\"below-title\",\"meta_element\":\"div\",\"link_text\":\"Read more\",\"link_style\":\"default\",\"margin\":\"default\",\"slideshow_max_height\":\"500\",\"slideshow_autoplay\":true,\"slideshow_velocity\":\"1.7\",\"slideshow_autoplay_interval\":\"5\",\"image_height\":\"400\",\"image_width\":\"500\",\"nav_below\":false},\"children\":[{\"type\":\"slideshow_item\",\"props\":{\"image\":\"wp-content\\\/uploads\\\/2022\\\/02\\\/IMG_4133-scaled.jpg\",\"image_alt\":\"Camera della Scultura \",\"title\":\"Camera della Scultura\",\"meta\":\"La camera della Scultura, nel B&B Le Tre Arti\"}},{\"type\":\"slideshow_item\",\"props\":{\"image\":\"wp-content\\\/uploads\\\/2022\\\/02\\\/IMG_4142-1-scaled.jpg\",\"meta\":\"La camera della Scultura, nel B&B Le Tre Arti\",\"title\":\"Camera della Scultura\",\"image_alt\":\"Camera della Scultura\"}},{\"type\":\"slideshow_item\",\"props\":{\"image\":\"wp-content\\\/uploads\\\/2022\\\/02\\\/IMG_4143-scaled.jpg\",\"meta\":\"La camera della Scultura, nel B&B Le Tre Arti\",\"title\":\"La camera della Scultura\",\"image_alt\":\"La camera della Scultura\"}}]}]},{\"type\":\"column\",\"props\":{\"position_sticky_breakpoint\":\"m\",\"image_position\":\"center-center\",\"media_overlay_gradient\":\"\",\"width_medium\":\"1-3\"},\"children\":[{\"type\":\"headline\",\"props\":{\"title_element\":\"h3\",\"content\":\"PITTURA\",\"text_align\":\"center\",\"title_style\":\"h2\"}},{\"type\":\"slideshow\",\"props\":{\"show_title\":false,\"show_meta\":false,\"show_content\":true,\"show_link\":true,\"show_thumbnail\":true,\"slideshow_min_height\":\"350\",\"slideshow_autoplay_pause\":true,\"nav\":\"dotnav\",\"nav_position\":\"bottom-center\",\"nav_position_margin\":\"medium\",\"nav_align\":\"center\",\"nav_breakpoint\":\"s\",\"thumbnav_width\":\"100\",\"thumbnav_height\":\"75\",\"thumbnav_svg_color\":\"emphasis\",\"slidenav\":\"default\",\"slidenav_margin\":\"medium\",\"slidenav_breakpoint\":\"s\",\"slidenav_outside_breakpoint\":\"xl\",\"overlay_position\":\"center-left\",\"overlay_animation\":\"parallax\",\"title_element\":\"h3\",\"meta_style\":\"meta\",\"meta_align\":\"below-title\",\"meta_element\":\"div\",\"link_text\":\"Read more\",\"link_style\":\"default\",\"margin\":\"default\",\"slideshow_max_height\":\"500\",\"slideshow_autoplay\":true,\"slideshow_velocity\":\"1.7\",\"slideshow_autoplay_interval\":\"5\",\"image_height\":\"400\",\"image_width\":\"500\",\"nav_below\":false},\"children\":[{\"type\":\"slideshow_item\",\"props\":{\"image\":\"wp-content\\\/uploads\\\/2022\\\/02\\\/IMG_4157-scaled.jpg\",\"image_alt\":\"Camera della Pittura \",\"title\":\"Camera della Pittura\",\"meta\":\"La camera della Pittura, nel B&B Le Tre Arti\"}},{\"type\":\"slideshow_item\",\"props\":{\"image\":\"wp-content\\\/uploads\\\/2022\\\/02\\\/IMG_4161-scaled.jpg\",\"meta\":\"La camera della Pittura, nel B&B Le Tre Arti\",\"title\":\"Camera della Pittura\",\"image_alt\":\"Camera della Pittura\"}},{\"type\":\"slideshow_item\",\"props\":{\"image\":\"wp-content\\\/uploads\\\/2022\\\/02\\\/IMG_4159-scaled.jpg\",\"meta\":\"La camera della Pittura, nel B&B Le Tre Arti\",\"title\":\"La camera della Pittura\",\"image_alt\":\"La camera della Pittura\"}}]}]},{\"type\":\"column\",\"props\":{\"position_sticky_breakpoint\":\"m\",\"image_position\":\"center-center\",\"media_overlay_gradient\":\"\",\"width_medium\":\"1-3\"},\"children\":[{\"type\":\"headline\",\"props\":{\"title_element\":\"h3\",\"content\":\"ARCHITETTURA\",\"text_align\":\"center\",\"title_style\":\"h2\"}},{\"type\":\"slideshow\",\"props\":{\"show_title\":false,\"show_meta\":false,\"show_content\":true,\"show_link\":true,\"show_thumbnail\":true,\"slideshow_min_height\":\"350\",\"slideshow_autoplay_pause\":true,\"nav\":\"dotnav\",\"nav_position\":\"bottom-center\",\"nav_position_margin\":\"medium\",\"nav_align\":\"center\",\"nav_breakpoint\":\"s\",\"thumbnav_width\":\"100\",\"thumbnav_height\":\"75\",\"thumbnav_svg_color\":\"emphasis\",\"slidenav\":\"default\",\"slidenav_margin\":\"medium\",\"slidenav_breakpoint\":\"s\",\"slidenav_outside_breakpoint\":\"xl\",\"overlay_position\":\"center-left\",\"overlay_animation\":\"parallax\",\"title_element\":\"h3\",\"meta_style\":\"meta\",\"meta_align\":\"below-title\",\"meta_element\":\"div\",\"link_text\":\"Read more\",\"link_style\":\"default\",\"margin\":\"default\",\"slideshow_max_height\":\"500\",\"slideshow_autoplay\":true,\"slideshow_velocity\":\"1.7\",\"slideshow_autoplay_interval\":\"5\",\"image_height\":\"400\",\"image_width\":\"500\",\"nav_below\":false},\"children\":[{\"type\":\"slideshow_item\",\"props\":{\"image\":\"wp-content\\\/uploads\\\/2022\\\/02\\\/IMG_4148-scaled.jpg\",\"image_alt\":\"Camera dell'architettura\",\"title\":\"Camera dell'architettura\",\"meta\":\"La camera dell'architettura, nel B&B Le Tre Arti\"}},{\"type\":\"slideshow_item\",\"props\":{\"image\":\"wp-content\\\/uploads\\\/2022\\\/02\\\/architettura2-opt-scaled.jpg\",\"meta\":\"La camera dell'architettura, nel B&B Le Tre Arti\",\"title\":\"La camera dell'architettura\",\"image_alt\":\"La camera dell'architettura\"}},{\"type\":\"slideshow_item\",\"props\":{\"image\":\"wp-content\\\/uploads\\\/2022\\\/02\\\/architettura-opt-scaled.jpg\",\"meta\":\"La camera dell'architettura, nel B&B Le Tre Arti\",\"title\":\"Camera dell'architettura\",\"image_alt\":\"Camera dell'architettura\"}}]}]}]},{\"type\":\"row\",\"props\":{\"layout\":\"1-3,1-3,1-3\",\"class\":\"uk-visible@l\"},\"children\":[{\"type\":\"column\",\"props\":{\"position_sticky_breakpoint\":\"m\",\"image_position\":\"center-center\",\"media_overlay_gradient\":\"\",\"width_medium\":\"1-3\"},\"children\":[{\"type\":\"slideshow\",\"props\":{\"show_title\":false,\"show_meta\":false,\"show_content\":true,\"show_link\":true,\"show_thumbnail\":true,\"slideshow_min_height\":\"350\",\"slideshow_autoplay_pause\":true,\"nav\":\"dotnav\",\"nav_position\":\"bottom-center\",\"nav_position_margin\":\"medium\",\"nav_align\":\"center\",\"nav_breakpoint\":\"s\",\"thumbnav_width\":\"100\",\"thumbnav_height\":\"75\",\"thumbnav_svg_color\":\"emphasis\",\"slidenav\":\"default\",\"slidenav_margin\":\"medium\",\"slidenav_breakpoint\":\"s\",\"slidenav_outside_breakpoint\":\"xl\",\"overlay_position\":\"center-left\",\"overlay_animation\":\"parallax\",\"title_element\":\"h3\",\"meta_style\":\"meta\",\"meta_align\":\"below-title\",\"meta_element\":\"div\",\"link_text\":\"Read more\",\"link_style\":\"default\",\"margin\":\"default\",\"slideshow_max_height\":\"500\",\"slideshow_autoplay\":true,\"slideshow_velocity\":\"1.7\",\"slideshow_autoplay_interval\":\"5\",\"image_height\":\"400\",\"image_width\":\"500\",\"nav_below\":false},\"children\":[{\"type\":\"slideshow_item\",\"props\":{\"image\":\"wp-content\\\/uploads\\\/2022\\\/02\\\/IMG_4133-scaled.jpg\",\"image_alt\":\"Camera della Scultura \",\"title\":\"Camera della Scultura\",\"meta\":\"La camera della Scultura, nel B&B Le Tre Arti\"}},{\"type\":\"slideshow_item\",\"props\":{\"image\":\"wp-content\\\/uploads\\\/2022\\\/02\\\/IMG_4142-1-scaled.jpg\",\"meta\":\"La camera della Scultura, nel B&B Le Tre Arti\",\"title\":\"Camera della Scultura\",\"image_alt\":\"Camera della Scultura\"}},{\"type\":\"slideshow_item\",\"props\":{\"image\":\"wp-content\\\/uploads\\\/2022\\\/02\\\/IMG_4143-scaled.jpg\",\"meta\":\"La camera della Scultura, nel B&B Le Tre Arti\",\"title\":\"La camera della Scultura\",\"image_alt\":\"La camera della Scultura\"}}]},{\"type\":\"headline\",\"props\":{\"title_element\":\"h3\",\"content\":\"SCULTURA\",\"text_align\":\"center\",\"title_style\":\"h2\"}}]},{\"type\":\"column\",\"props\":{\"position_sticky_breakpoint\":\"m\",\"image_position\":\"center-center\",\"media_overlay_gradient\":\"\",\"width_medium\":\"1-3\"},\"children\":[{\"type\":\"slideshow\",\"props\":{\"show_title\":false,\"show_meta\":false,\"show_content\":true,\"show_link\":true,\"show_thumbnail\":true,\"slideshow_min_height\":\"350\",\"slideshow_autoplay_pause\":true,\"nav\":\"dotnav\",\"nav_position\":\"bottom-center\",\"nav_position_margin\":\"medium\",\"nav_align\":\"center\",\"nav_breakpoint\":\"s\",\"thumbnav_width\":\"100\",\"thumbnav_height\":\"75\",\"thumbnav_svg_color\":\"emphasis\",\"slidenav\":\"default\",\"slidenav_margin\":\"medium\",\"slidenav_breakpoint\":\"s\",\"slidenav_outside_breakpoint\":\"xl\",\"overlay_position\":\"center-left\",\"overlay_animation\":\"parallax\",\"title_element\":\"h3\",\"meta_style\":\"meta\",\"meta_align\":\"below-title\",\"meta_element\":\"div\",\"link_text\":\"Read more\",\"link_style\":\"default\",\"margin\":\"default\",\"slideshow_max_height\":\"500\",\"slideshow_autoplay\":true,\"slideshow_velocity\":\"1.7\",\"slideshow_autoplay_interval\":\"5\",\"image_height\":\"400\",\"image_width\":\"500\",\"nav_below\":false},\"children\":[{\"type\":\"slideshow_item\",\"props\":{\"image\":\"wp-content\\\/uploads\\\/2022\\\/02\\\/IMG_4157-scaled.jpg\",\"image_alt\":\"Camera della Pittura \",\"title\":\"Camera della Pittura\",\"meta\":\"La camera della Pittura, nel B&B Le Tre Arti\"}},{\"type\":\"slideshow_item\",\"props\":{\"image\":\"wp-content\\\/uploads\\\/2022\\\/02\\\/IMG_4161-scaled.jpg\",\"meta\":\"La camera della Pittura, nel B&B Le Tre Arti\",\"title\":\"Camera della Pittura\",\"image_alt\":\"Camera della Pittura\"}},{\"type\":\"slideshow_item\",\"props\":{\"image\":\"wp-content\\\/uploads\\\/2022\\\/02\\\/IMG_4159-scaled.jpg\",\"meta\":\"La camera della Pittura, nel B&B Le Tre Arti\",\"title\":\"La camera della Pittura\",\"image_alt\":\"La camera della Pittura\"}}]},{\"type\":\"headline\",\"props\":{\"title_element\":\"h3\",\"content\":\"PITTURA\",\"text_align\":\"center\",\"title_style\":\"h2\"}}]},{\"type\":\"column\",\"props\":{\"position_sticky_breakpoint\":\"m\",\"image_position\":\"center-center\",\"media_overlay_gradient\":\"\",\"width_medium\":\"1-3\"},\"children\":[{\"type\":\"slideshow\",\"props\":{\"show_title\":false,\"show_meta\":false,\"show_content\":true,\"show_link\":true,\"show_thumbnail\":true,\"slideshow_min_height\":\"350\",\"slideshow_autoplay_pause\":true,\"nav\":\"dotnav\",\"nav_position\":\"bottom-center\",\"nav_position_margin\":\"medium\",\"nav_align\":\"center\",\"nav_breakpoint\":\"s\",\"thumbnav_width\":\"100\",\"thumbnav_height\":\"75\",\"thumbnav_svg_color\":\"emphasis\",\"slidenav\":\"default\",\"slidenav_margin\":\"medium\",\"slidenav_breakpoint\":\"s\",\"slidenav_outside_breakpoint\":\"xl\",\"overlay_position\":\"center-left\",\"overlay_animation\":\"parallax\",\"title_element\":\"h3\",\"meta_style\":\"meta\",\"meta_align\":\"below-title\",\"meta_element\":\"div\",\"link_text\":\"Read more\",\"link_style\":\"default\",\"margin\":\"default\",\"slideshow_max_height\":\"500\",\"slideshow_autoplay\":true,\"slideshow_velocity\":\"1.7\",\"slideshow_autoplay_interval\":\"5\",\"image_height\":\"400\",\"image_width\":\"500\",\"nav_below\":false},\"children\":[{\"type\":\"slideshow_item\",\"props\":{\"image\":\"wp-content\\\/uploads\\\/2022\\\/02\\\/IMG_4148-scaled.jpg\",\"image_alt\":\"Camera dell'architettura\",\"title\":\"Camera dell'architettura\",\"meta\":\"La camera dell'architettura, nel B&B Le Tre Arti\"}},{\"type\":\"slideshow_item\",\"props\":{\"image\":\"wp-content\\\/uploads\\\/2022\\\/02\\\/architettura2-opt-scaled.jpg\",\"meta\":\"La camera dell'architettura, nel B&B Le Tre Arti\",\"title\":\"La camera dell'architettura\",\"image_alt\":\"La camera dell'architettura\"}},{\"type\":\"slideshow_item\",\"props\":{\"image\":\"wp-content\\\/uploads\\\/2022\\\/02\\\/architettura-opt-scaled.jpg\",\"meta\":\"La camera dell'architettura, nel B&B Le Tre Arti\",\"title\":\"Camera dell'architettura\",\"image_alt\":\"Camera dell'architettura\"}}]},{\"type\":\"headline\",\"props\":{\"title_element\":\"h3\",\"content\":\"ARCHITETTURA\",\"text_align\":\"center\",\"title_style\":\"h2\"}}]}]},{\"type\":\"row\",\"children\":[{\"type\":\"column\",\"props\":{\"position_sticky_breakpoint\":\"m\",\"image_position\":\"center-center\",\"media_overlay_gradient\":\"\"},\"children\":[{\"type\":\"button\",\"props\":{\"grid_column_gap\":\"small\",\"grid_row_gap\":\"small\",\"margin\":\"default\",\"text_align\":\"center\",\"margin_remove_bottom\":false,\"button_size\":\"large\"},\"children\":[{\"type\":\"button_item\",\"props\":{\"button_style\":\"secondary\",\"icon_align\":\"left\",\"content\":\"CHIEDI DISPONIBILIT\\u00c0\",\"link\":\"#4\"}}]}]}]}],\"name\":\"LE CAMERE\"},{\"type\":\"section\",\"props\":{\"style\":\"default\",\"width\":\"default\",\"vertical_align\":\"middle\",\"title_position\":\"top-left\",\"title_rotation\":\"left\",\"title_breakpoint\":\"xl\",\"image_position\":\"center-center\",\"id\":\"3\",\"padding\":\"large\",\"animation\":\"slide-right-medium\",\"animation_delay\":\"120\"},\"children\":[{\"type\":\"row\",\"children\":[{\"type\":\"column\",\"props\":{\"position_sticky_breakpoint\":\"m\",\"image_position\":\"center-center\",\"media_overlay_gradient\":\"\"},\"children\":[{\"type\":\"headline\",\"props\":{\"title_element\":\"h2\",\"text_align\":\"center\",\"content\":\"<strong>ATTIVIT\\u00c0<\\\/strong>\",\"title_style\":\"h2\",\"title_color\":\"secondary\"}}]}]},{\"type\":\"row\",\"props\":{\"layout\":\"2-3,1-3\"},\"children\":[{\"type\":\"column\",\"props\":{\"position_sticky_breakpoint\":\"m\",\"image_position\":\"center-center\",\"media_overlay_gradient\":\"\",\"width_medium\":\"2-3\"},\"children\":[{\"type\":\"slideshow\",\"props\":{\"show_title\":false,\"show_meta\":false,\"show_content\":true,\"show_link\":true,\"show_thumbnail\":true,\"slideshow_min_height\":\"500\",\"slideshow_autoplay_pause\":true,\"nav\":\"dotnav\",\"nav_position\":\"bottom-center\",\"nav_position_margin\":\"medium\",\"nav_align\":\"center\",\"nav_breakpoint\":\"s\",\"thumbnav_width\":\"100\",\"thumbnav_height\":\"75\",\"thumbnav_svg_color\":\"emphasis\",\"slidenav\":\"default\",\"slidenav_margin\":\"medium\",\"slidenav_breakpoint\":\"s\",\"slidenav_outside_breakpoint\":\"xl\",\"overlay_position\":\"center-left\",\"overlay_animation\":\"parallax\",\"title_element\":\"h3\",\"meta_style\":\"meta\",\"meta_align\":\"below-title\",\"meta_element\":\"div\",\"link_text\":\"Read more\",\"link_style\":\"default\",\"margin\":\"default\",\"image_height\":\"500\",\"slideshow_animation\":\"fade\",\"slideshow_autoplay\":true,\"nav_below\":true,\"nav_margin\":\"large\"},\"children\":[{\"type\":\"slideshow_item\",\"props\":{\"image\":\"wp-content\\\/uploads\\\/2022\\\/02\\\/WhatsApp-Image-2022-02-14-at-11.57.50-2.jpeg\",\"meta\":\"Arte,  storia e natura nel B&B Le Tre Arti\"}},{\"type\":\"slideshow_item\",\"props\":{\"meta\":\"Arte,  storia e natura nel B&B Le Tre Arti\",\"image\":\"wp-content\\\/uploads\\\/2022\\\/02\\\/WhatsApp-Image-2022-02-14-at-11.57.49-1.jpeg\"}},{\"type\":\"slideshow_item\",\"props\":{\"image\":\"wp-content\\\/uploads\\\/2022\\\/02\\\/WhatsApp-Image-2022-02-14-at-11.57.50.jpeg\",\"meta\":\"Arte,  storia e natura nel B&B Le Tre Arti\"}},{\"type\":\"slideshow_item\",\"props\":{\"image\":\"wp-content\\\/uploads\\\/2022\\\/02\\\/WhatsApp-Image-2022-02-14-at-11.57.51-1.jpeg\",\"meta\":\"Arte,  storia e natura nel B&B Le Tre Arti\"}},{\"type\":\"slideshow_item\",\"props\":{\"image\":\"wp-content\\\/uploads\\\/2022\\\/02\\\/WhatsApp-Image-2022-02-14-at-12.04.22.jpeg\",\"meta\":\"Arte,  storia e natura nel B&B Le Tre Arti\"}},{\"type\":\"slideshow_item\",\"props\":{\"image\":\"wp-content\\\/uploads\\\/2022\\\/02\\\/WhatsApp-Image-2022-02-14-at-12.04.59.jpeg\",\"meta\":\"Arte,  storia e natura nel B&B Le Tre Arti\"}},{\"type\":\"slideshow_item\",\"props\":{\"image\":\"wp-content\\\/uploads\\\/2022\\\/02\\\/WhatsApp-Image-2022-02-14-at-11.57.49.jpeg\",\"meta\":\"Arte,  storia e natura nel B&B Le Tre Arti\"}},{\"type\":\"slideshow_item\",\"props\":{\"image\":\"wp-content\\\/uploads\\\/2022\\\/02\\\/ponte-vecchio.jpeg\",\"meta\":\"Arte,  storia e natura nel B&B Le Tre Arti\",\"status\":\"disabled\"}},{\"type\":\"slideshow_item\",\"props\":{\"image\":\"wp-content\\\/uploads\\\/2022\\\/02\\\/sacrario.jpeg\",\"meta\":\"Arte,  storia e natura nel B&B Le Tre Arti\",\"status\":\"disabled\"}}]}]},{\"type\":\"column\",\"props\":{\"position_sticky_breakpoint\":\"m\",\"image_position\":\"center-center\",\"media_overlay_gradient\":\"\",\"width_medium\":\"1-3\"},\"children\":[{\"type\":\"panel\",\"props\":{\"link_text\":\"Read more\",\"title_hover_style\":\"reset\",\"title_element\":\"h3\",\"title_align\":\"top\",\"title_grid_width\":\"1-2\",\"title_grid_breakpoint\":\"m\",\"meta_style\":\"meta\",\"meta_align\":\"below-title\",\"meta_element\":\"div\",\"content_column_breakpoint\":\"m\",\"icon_width\":80,\"image_align\":\"top\",\"image_grid_width\":\"1-2\",\"image_grid_breakpoint\":\"m\",\"image_svg_color\":\"emphasis\",\"link_style\":\"default\",\"margin\":\"default\",\"title\":\"ITINERARI\",\"content\":\"\n\n<ul>\\n   \n\n<li> \\tSan Zenone degli Ezzelini: un viaggio nel XIII sec., dalla Divina Commedia alle dame e i grandi condottieri. <\\\/li>\\n\\t\n\n<li>\\tAsolo, la perla della Marca Trevigiana.<\\\/li>\\n\\t\n\n<li>   la Gipsoteca e il Museo Canova, a Possagno.<\\\/li>\\n\\t\n\n<li>\\tPalladio e le sue ville.<\\\/li>\\n\\t\n\n<li>\\tPadova: le piazze, l\\u2019universit\\u00e0, Sant\\u2019Antonio.<\\\/li>\\n\\t\n\n<li>\\tVicenza e le sue meraviglie.<\\\/li>\\n\\t\n\n<li>\\tVerona, l\\u2019Opera e l\\u2019amore.<\\\/li>\\n\\t\n\n<li>\\tVenezia, la sempre \\u201cSerenissima\\u201d.<\\\/li>\\n\\t\n\n<li>\\tle citt\\u00e0 murate: Castelfranco Veneto, Treviso, Bassano del Grappa, Marostica, Cittadella\\u2026<\\\/li>\\n\\t\n\n<li>\\til Grappa e la Grande Guerra, per non dimenticare.<\\\/li>\\n\\t\n\n<li>\\tscoprire l\\u2019Altopiano di Asiago.<\\\/li>\\n\\t\n\n<li>\\titinerario gastronomico tra i prodotti veneti: gli asparagi, il radicchio, i formaggi DOP, l\\u2019olio, la grappa\\u2026<\\\/li>\\n\\t\n\n<li>\\tun brindisi di prosecco a Valdobbiadene.<\\\/li>\\n\\t\n\n<li> canoa e rafting lungo il fiume Brenta.<\\\/li>\\n\\t\n\n<li>\\tescursioni tra le colline asolane in bici, a piedi, a cavallo\\u2026 o gi\\u00f9 in deltaplano!<\\\/li><\\\/ul>\\n\\n\\n\",\"title_color\":\"secondary\",\"css\":\".el-title{\\ntext-align:center;}\\n\\n.el-content {\\nmargin-right: 5px;\\n}\\n\",\"class\":\"lista-itinerari\"}}]}]}],\"name\":\"ATTIVITA\"},{\"type\":\"section\",\"props\":{\"style\":\"default\",\"width\":\"default\",\"vertical_align\":\"middle\",\"title_position\":\"top-left\",\"title_rotation\":\"left\",\"title_breakpoint\":\"xl\",\"image_position\":\"center-center\",\"id\":\"4\",\"padding\":\"large\",\"image\":\"wp-content\\\/uploads\\\/2022\\\/01\\\/PATTERNLETREARTI-copia-copia.jpg\",\"image_size\":\"cover\",\"image_effect\":\"fixed\",\"media_overlay\":\"rgba(213, 39, 124, 0.96)\",\"animation\":\"slide-left-medium\",\"animation_delay\":\"120\"},\"children\":[{\"type\":\"row\",\"children\":[{\"type\":\"column\",\"props\":{\"position_sticky_breakpoint\":\"m\",\"image_position\":\"center-center\",\"media_overlay_gradient\":\"\"},\"children\":[{\"type\":\"headline\",\"props\":{\"title_element\":\"h2\",\"text_align\":\"center\",\"content\":\"<strong>CONTATTI<\\\/strong>\",\"title_style\":\"h2\",\"title_color\":\"emphasis\",\"margin\":\"medium\"}}]}]},{\"type\":\"row\",\"children\":[{\"type\":\"column\",\"props\":{\"position_sticky_breakpoint\":\"m\",\"image_position\":\"center-center\",\"media_overlay_gradient\":\"\",\"width_medium\":\"1-3\"},\"children\":[{\"type\":\"panel\",\"props\":{\"link_text\":\"Read more\",\"title_hover_style\":\"reset\",\"title_element\":\"h3\",\"title_align\":\"top\",\"title_grid_width\":\"1-2\",\"title_grid_breakpoint\":\"m\",\"meta_style\":\"meta\",\"meta_align\":\"below-title\",\"meta_element\":\"div\",\"content_column_breakpoint\":\"m\",\"icon_width\":80,\"image_align\":\"top\",\"image_grid_width\":\"1-2\",\"image_grid_breakpoint\":\"m\",\"image_svg_color\":\"emphasis\",\"link_style\":\"default\",\"margin\":\"default\",\"title\":\"DOVE TROVARCI\",\"content\":\"\n\n<div> <span class=\\\"street-address\\\">Via Castellaro n.15<\\\/span> <br \/> <span class=\\\"locality\\\">San Zenone degli Ezzelini<\\\/span> <span class=\\\"region\\\">(TV)<\\\/span><br \/> <span class=\\\"postal-code\\\"> 31020 <\\\/span> - <span class=\\\"country-name\\\">ITALY<\\\/span><span class=\\\"uk-text-primary\\\"> <\\\/span>\n\n <\\\/div>\\n  Cell: <a class=\\\"tel\\\" href=\\\"tel:+39 333 311 5527\\\" onclick=\\\"gtag('event', 'click', {'event_category': 'Click: Telefono Footer' });\\\" target=\\\"_blank\\\">+39 333 311 5527<\\\/a><span class=\\\"uk-text-primary\\\"> <br \/>\\n     <span class=\\\"uk-text-emphasis\\\"> Tel:<\\\/span> <a class=\\\"tel\\\" href=\\\"tel:+39 0423964477\\\" onclick=\\\"gtag('event', 'click', {'event_category': 'Click: Telefono Footer' });\\\" target=\\\"_blank\\\">+39 0423 964 477<\\\/a><span class=\\\"uk-text-primary\\\"><\\\/span><br \/>\\n <span class=\\\"uk-text-emphasis\\\"> e-mail: <\\\/span><a href=\\\"mailto:info@letrearti.it\\\" onclick=\\\"gtag('event', 'click', {'event_category': 'Click: Email Footer' });\\\" target=\\\"_blank\\\">info@letrearti.it<\\\/a> \",\"css\":\".el-content{\\ncolor:#fff;\\n}\\n\\n.el-title{\\ntext-align:center;}\",\"class\":\"personal-link-contatti\"}},{\"type\":\"social\",\"props\":{\"link_style\":\"button\",\"grid\":\"horizontal\",\"grid_gap\":\"medium\",\"margin\":\"large\",\"class\":\"bottoni-social\",\"text_align\":\"center\",\"link_target\":true},\"children\":[{\"type\":\"social_item\",\"props\":{\"link\":\"https:\\\/\\\/www.facebook.com\\\/letre.arti\\\/\",\"icon\":\"facebook\"}},{\"type\":\"social_item\",\"props\":{\"link\":\"https:\\\/\\\/www.instagram.com\\\/letrearti_bnb\\\/\",\"icon\":\"instagram\"}}]}]},{\"type\":\"column\",\"props\":{\"position_sticky_breakpoint\":\"m\",\"image_position\":\"center-center\",\"media_overlay_gradient\":\"\",\"width_medium\":\"2-3\"},\"children\":[{\"type\":\"map\",\"props\":{\"show_title\":true,\"show_meta\":true,\"show_content\":true,\"show_image\":true,\"show_link\":true,\"type\":\"roadmap\",\"zoom\":10,\"controls\":true,\"zooming\":false,\"dragging\":false,\"min_zoom\":0,\"max_zoom\":18,\"title_hover_style\":\"reset\",\"title_element\":\"h3\",\"meta_style\":\"meta\",\"meta_align\":\"below-title\",\"meta_element\":\"div\",\"image_svg_color\":\"emphasis\",\"link_text\":\"Read more\",\"link_style\":\"secondary\",\"margin\":\"default\",\"height\":\"600\",\"title_style\":\"h4\",\"title_color\":\"secondary\",\"item_text_align\":\"center\",\"link_target\":true},\"children\":[{\"type\":\"map_item\",\"props\":{\"location\":\"45.7904,11.8387\",\"title\":\"LE TRE ARTI B&B\",\"link\":\"https:\\\/\\\/www.google.com\\\/maps\\\/place\\\/LE+TRE+ARTI+B%26B\\\/@45.7916416,11.8348429,17z\\\/data=!3m1!4b1!4m8!3m7!1s0x4778d90f179184cb:0x59dc633e42f72ccf!5m2!4m1!1i2!8m2!3d45.791647!4d11.8370299\",\"link_text\":\"APRI MAPS\"}}]}]}],\"props\":{\"layout\":\"1-3,2-3\"}}],\"name\":\"CONTATTI\"}],\"version\":\"2.7.14\"} --><\/p>\n","protected":false},"excerpt":{"rendered":"<p>Le tre ati B&#038;B Le tre arti B&#038;B, immerso nell&#8217;arte e nella natura CONTATTACI Le tre arti B&#038;B Le tre arti B&#038;B, immerso nell&#8217;arte e nella natura CONTATTACI Le tre arti B&#038;B Le tre arti B&#038;B, immerso nell&#8217;arte e nella natura CONTATTACI Le tre arti B&#038;B Le tre arti B&#038;B, immerso nell&#8217;arte e nella natura [&hellip;]<\/p>\n","protected":false},"author":1,"featured_media":0,"parent":0,"menu_order":0,"comment_status":"closed","ping_status":"closed","template":"","meta":{"footnotes":""},"yoast_head":"<!-- This site is optimized with the Yoast SEO plugin v20.7 - https:\/\/yoast.com\/wordpress\/plugins\/seo\/ -->\n<title>Le Tre Arti B&amp;B a San Zenone degli Ezzelini (TV) sui Colli Asolani<\/title>\n<meta name=\"description\" content=\"LE TRE ARTI B&amp;B, a San Zenone degli Ezzelini, immerso nel verde e nella cultura dei Colli Asolani. Al mattino vi attender\u00e0 una colazione fatta in casa.\" \/>\n<meta name=\"robots\" content=\"index, follow, max-snippet:-1, max-image-preview:large, max-video-preview:-1\" \/>\n<link rel=\"canonical\" href=\"https:\/\/www.letrearti.it\/\" \/>\n<meta property=\"og:locale\" content=\"it_IT\" \/>\n<meta property=\"og:type\" content=\"article\" \/>\n<meta property=\"og:title\" content=\"Le Tre Arti B&amp;B a San Zenone degli Ezzelini (TV) sui Colli Asolani\" \/>\n<meta property=\"og:description\" content=\"LE TRE ARTI B&amp;B, a San Zenone degli Ezzelini, immerso nel verde e nella cultura dei Colli Asolani. Al mattino vi attender\u00e0 una colazione fatta in casa.\" \/>\n<meta property=\"og:url\" content=\"https:\/\/www.letrearti.it\/\" \/>\n<meta property=\"og:site_name\" content=\"Le Tre Arti B&amp;B\" \/>\n<meta property=\"article:modified_time\" content=\"2024-03-20T17:25:27+00:00\" \/>\n<meta name=\"twitter:card\" content=\"summary_large_image\" \/>\n<meta name=\"twitter:label1\" content=\"Tempo di lettura stimato\" \/>\n\t<meta name=\"twitter:data1\" content=\"21 minuti\" \/>\n<script type=\"application\/ld+json\" class=\"yoast-schema-graph\">{\"@context\":\"https:\/\/schema.org\",\"@graph\":[{\"@type\":\"WebPage\",\"@id\":\"https:\/\/www.letrearti.it\/\",\"url\":\"https:\/\/www.letrearti.it\/\",\"name\":\"Le Tre Arti B&B a San Zenone degli Ezzelini (TV) sui Colli Asolani\",\"isPartOf\":{\"@id\":\"https:\/\/www.letrearti.it\/#website\"},\"datePublished\":\"2022-01-26T14:55:17+00:00\",\"dateModified\":\"2024-03-20T17:25:27+00:00\",\"description\":\"LE TRE ARTI B&B, a San Zenone degli Ezzelini, immerso nel verde e nella cultura dei Colli Asolani. Al mattino vi attender\u00e0 una colazione fatta in casa.\",\"breadcrumb\":{\"@id\":\"https:\/\/www.letrearti.it\/#breadcrumb\"},\"inLanguage\":\"it-IT\",\"potentialAction\":[{\"@type\":\"ReadAction\",\"target\":[\"https:\/\/www.letrearti.it\/\"]}]},{\"@type\":\"BreadcrumbList\",\"@id\":\"https:\/\/www.letrearti.it\/#breadcrumb\",\"itemListElement\":[{\"@type\":\"ListItem\",\"position\":1,\"name\":\"Home\",\"item\":\"https:\/\/www.letrearti.it\/\"},{\"@type\":\"ListItem\",\"position\":2,\"name\":\"Home\"}]},{\"@type\":\"WebSite\",\"@id\":\"https:\/\/www.letrearti.it\/#website\",\"url\":\"https:\/\/www.letrearti.it\/\",\"name\":\"Le Tre Arti B&amp;B\",\"description\":\"Un&#039;esperienza unica nella terra del Canova\",\"potentialAction\":[{\"@type\":\"SearchAction\",\"target\":{\"@type\":\"EntryPoint\",\"urlTemplate\":\"https:\/\/www.letrearti.it\/?s={search_term_string}\"},\"query-input\":\"required name=search_term_string\"}],\"inLanguage\":\"it-IT\"}]}<\/script>\n<!-- \/ Yoast SEO plugin. -->","yoast_head_json":{"title":"Le Tre Arti B&B a San Zenone degli Ezzelini (TV) sui Colli Asolani","description":"LE TRE ARTI B&B, a San Zenone degli Ezzelini, immerso nel verde e nella cultura dei Colli Asolani. Al mattino vi attender\u00e0 una colazione fatta in casa.","robots":{"index":"index","follow":"follow","max-snippet":"max-snippet:-1","max-image-preview":"max-image-preview:large","max-video-preview":"max-video-preview:-1"},"canonical":"https:\/\/www.letrearti.it\/","og_locale":"it_IT","og_type":"article","og_title":"Le Tre Arti B&B a San Zenone degli Ezzelini (TV) sui Colli Asolani","og_description":"LE TRE ARTI B&B, a San Zenone degli Ezzelini, immerso nel verde e nella cultura dei Colli Asolani. Al mattino vi attender\u00e0 una colazione fatta in casa.","og_url":"https:\/\/www.letrearti.it\/","og_site_name":"Le Tre Arti B&amp;B","article_modified_time":"2024-03-20T17:25:27+00:00","twitter_card":"summary_large_image","twitter_misc":{"Tempo di lettura stimato":"21 minuti"},"schema":{"@context":"https:\/\/schema.org","@graph":[{"@type":"WebPage","@id":"https:\/\/www.letrearti.it\/","url":"https:\/\/www.letrearti.it\/","name":"Le Tre Arti B&B a San Zenone degli Ezzelini (TV) sui Colli Asolani","isPartOf":{"@id":"https:\/\/www.letrearti.it\/#website"},"datePublished":"2022-01-26T14:55:17+00:00","dateModified":"2024-03-20T17:25:27+00:00","description":"LE TRE ARTI B&B, a San Zenone degli Ezzelini, immerso nel verde e nella cultura dei Colli Asolani. Al mattino vi attender\u00e0 una colazione fatta in casa.","breadcrumb":{"@id":"https:\/\/www.letrearti.it\/#breadcrumb"},"inLanguage":"it-IT","potentialAction":[{"@type":"ReadAction","target":["https:\/\/www.letrearti.it\/"]}]},{"@type":"BreadcrumbList","@id":"https:\/\/www.letrearti.it\/#breadcrumb","itemListElement":[{"@type":"ListItem","position":1,"name":"Home","item":"https:\/\/www.letrearti.it\/"},{"@type":"ListItem","position":2,"name":"Home"}]},{"@type":"WebSite","@id":"https:\/\/www.letrearti.it\/#website","url":"https:\/\/www.letrearti.it\/","name":"Le Tre Arti B&amp;B","description":"Un&#039;esperienza unica nella terra del Canova","potentialAction":[{"@type":"SearchAction","target":{"@type":"EntryPoint","urlTemplate":"https:\/\/www.letrearti.it\/?s={search_term_string}"},"query-input":"required name=search_term_string"}],"inLanguage":"it-IT"}]}},"_links":{"self":[{"href":"https:\/\/www.letrearti.it\/index.php\/wp-json\/wp\/v2\/pages\/6"}],"collection":[{"href":"https:\/\/www.letrearti.it\/index.php\/wp-json\/wp\/v2\/pages"}],"about":[{"href":"https:\/\/www.letrearti.it\/index.php\/wp-json\/wp\/v2\/types\/page"}],"author":[{"embeddable":true,"href":"https:\/\/www.letrearti.it\/index.php\/wp-json\/wp\/v2\/users\/1"}],"replies":[{"embeddable":true,"href":"https:\/\/www.letrearti.it\/index.php\/wp-json\/wp\/v2\/comments?post=6"}],"version-history":[{"count":112,"href":"https:\/\/www.letrearti.it\/index.php\/wp-json\/wp\/v2\/pages\/6\/revisions"}],"predecessor-version":[{"id":288,"href":"https:\/\/www.letrearti.it\/index.php\/wp-json\/wp\/v2\/pages\/6\/revisions\/288"}],"wp:attachment":[{"href":"https:\/\/www.letrearti.it\/index.php\/wp-json\/wp\/v2\/media?parent=6"}],"curies":[{"name":"wp","href":"https:\/\/api.w.org\/{rel}","templated":true}]}}